{"id":15839,"date":"2022-08-22T08:27:13","date_gmt":"2022-08-22T05:27:13","guid":{"rendered":"https:\/\/www.vesi.fi\/sv\/?page_id=15839"},"modified":"2022-08-22T08:27:13","modified_gmt":"2022-08-22T05:27:13","slug":"reglering-av-kyro-alvs-avrinningsomrade","status":"publish","type":"page","link":"https:\/\/www.vesi.fi\/sv\/reglering-av-kyro-alvs-avrinningsomrade\/","title":{"rendered":"Reglering av Kyro \u00e4lvs avrinningsomr\u00e5de"},"content":{"rendered":"<h2>Kyro \u00e4lvs avrinningsomr\u00e5de<\/h2>\n<p>Kyro \u00e4lvs avrinningsomr\u00e5de \u00e4r det n\u00e4st st\u00f6rsta i v\u00e4stra Finland. Kyro \u00e4lvs avrinningsomr\u00e5de har en total areal p\u00e5 4\u00a0923 km<sup>2<\/sup> och en sj\u00f6procent p\u00e5 1,23 procent. Kyro \u00e4lv \u00e4r en typisk \u00f6versv\u00e4mningsk\u00e4nslig \u00f6sterbottnisk \u00e4lv. K\u00e4nnetecknande f\u00f6r Kyro \u00e4lvs avrinningsomr\u00e5de \u00e4r en j\u00e4mn terr\u00e4ng, f\u00e5 sj\u00f6ar och finkornig jordm\u00e5n. De viktigaste f\u00f6rgreningarna \u00e4r Sein\u00e4joki, Jalasjoki och Kauhajoki. F\u00f6rgreningarna i Kyro \u00e4lvs \u00f6vre lopp rinner upp i ett vidstr\u00e4ckt omr\u00e5de i s\u00f6dra delen av S\u00f6dra \u00d6sterbotten samt i de norra delarna av Birkaland och Satakunta. \u00c4lven mynnar ut i Bottniska viken nordost om Vasa. Kyro \u00e4lvs huvudf\u00e5ra s\u00e4gs rinna upp i Kurikka d\u00e4r Kauhajoki och Jalasjoki flyter ihop. \u00c4lven \u00e4r 127 km l\u00e5ng.<\/p>\n","protected":false},"excerpt":{"rendered":"<p>Kyro \u00e4lvs avrinningsomr\u00e5de Kyro \u00e4lvs avrinningsomr\u00e5de \u00e4r det n\u00e4st st\u00f6rsta i v\u00e4stra Finland. Kyro \u00e4lvs avrinningsomr\u00e5de har en total areal p\u00e5 4\u00a0923 km2 och en sj\u00f6procent p\u00e5 1,23 procent. Kyro \u00e4lv \u00e4r en typisk \u00f6versv\u00e4mningsk\u00e4nslig \u00f6sterbottnisk \u00e4lv. K\u00e4nnetecknande f\u00f6r Kyro \u00e4lvs avrinningsomr\u00e5de \u00e4r en j\u00e4mn terr\u00e4ng, f\u00e5 sj\u00f6ar och finkornig jordm\u00e5n. De viktigaste f\u00f6rgreningarna \u00e4r [&hellip;]<\/p>\n","protected":false},"author":1,"featured_media":15871,"parent":0,"menu_order":9,"comment_status":"closed","ping_status":"closed","template":"teemasivu-saannostely-alasivu.php","meta":{"_acf_changed":false,"footnotes":""},"wf_page_folders":[843],"class_list":["post-15839","page","type-page","status-publish","has-post-thumbnail","hentry"],"acf":[],"aioseo_notices":[],"_links":{"self":[{"href":"https:\/\/www.vesi.fi\/sv\/wp-json\/wp\/v2\/pages\/15839","targetHints":{"allow":["GET"]}}],"collection":[{"href":"https:\/\/www.vesi.fi\/sv\/wp-json\/wp\/v2\/pages"}],"about":[{"href":"https:\/\/www.vesi.fi\/sv\/wp-json\/wp\/v2\/types\/page"}],"author":[{"embeddable":true,"href":"https:\/\/www.vesi.fi\/sv\/wp-json\/wp\/v2\/users\/1"}],"replies":[{"embeddable":true,"href":"https:\/\/www.vesi.fi\/sv\/wp-json\/wp\/v2\/comments?post=15839"}],"version-history":[{"count":5,"href":"https:\/\/www.vesi.fi\/sv\/wp-json\/wp\/v2\/pages\/15839\/revisions"}],"predecessor-version":[{"id":16522,"href":"https:\/\/www.vesi.fi\/sv\/wp-json\/wp\/v2\/pages\/15839\/revisions\/16522"}],"wp:featuredmedia":[{"embeddable":true,"href":"https:\/\/www.vesi.fi\/sv\/wp-json\/wp\/v2\/media\/15871"}],"wp:attachment":[{"href":"https:\/\/www.vesi.fi\/sv\/wp-json\/wp\/v2\/media?parent=15839"}],"wp:term":[{"taxonomy":"wf_page_folders","embeddable":true,"href":"https:\/\/www.vesi.fi\/sv\/wp-json\/wp\/v2\/wf_page_folders?post=15839"}],"curies":[{"name":"wp","href":"https:\/\/api.w.org\/{rel}","templated":true}]}}