{"id":15837,"date":"2022-08-22T08:25:31","date_gmt":"2022-08-22T05:25:31","guid":{"rendered":"https:\/\/www.vesi.fi\/sv\/?page_id=15837"},"modified":"2022-08-22T08:25:31","modified_gmt":"2022-08-22T05:25:31","slug":"reglering-av-lappo-as-avrinningsomrade","status":"publish","type":"page","link":"https:\/\/www.vesi.fi\/sv\/reglering-av-lappo-as-avrinningsomrade\/","title":{"rendered":"Reglering av Lappo \u00e5s avrinningsomr\u00e5de"},"content":{"rendered":"<h2>Lappo \u00e5s avrinningsomr\u00e5de<\/h2>\n<p>Lappo \u00e5s avrinningsomr\u00e5de \u00e4r det tredje st\u00f6rsta i v\u00e4stra Finland. Lappo \u00e5s avrinningsomr\u00e5de har en total areal p\u00e5 4\u00a0122 km<sup>2<\/sup> och en sj\u00f6procent p\u00e5 2,92 procent. Lappo \u00e5 \u00e4r en typisk \u00f6versv\u00e4mningsk\u00e4nslig \u00f6sterbottnisk \u00e4lv. K\u00e4nnetecknande f\u00f6r Lappo \u00e5s avrinningsomr\u00e5de \u00e4r en j\u00e4mn terr\u00e4ng, f\u00e5 sj\u00f6ar och finkornig jordm\u00e5n. De viktigaste f\u00f6rgreningarna \u00e4r Nurmo \u00e5 och Kauhavanjoki.<\/p>\n<p>Lappo \u00e5s huvudf\u00e5ra \u00e4r cirka 170 km l\u00e5ng. Huvudf\u00e5ran rinner upp i Alavo och g\u00e5r genom Kuortaneenj\u00e4rvi i Kuortane till Lappo. Nedanf\u00f6r Kuortaneenj\u00e4rvi finns M\u00e4kel\u00e4nkoski och Hourunkoski vattenkraftverk. I Lappo t\u00e4tort mynnar Nurmo \u00e5 ut i Lappo \u00e5. Nurmo \u00e5 \u00e4r Lappo \u00e5s st\u00f6rsta bif\u00e5ra. Pouttu grunddamm som ligger nedanf\u00f6r Lappo t\u00e4tort h\u00e5ller vattenst\u00e5ndet i Lappo \u00e5 j\u00e4mnt i Lappo t\u00e4tort. Nedanf\u00f6r Pouttu grunddamm, i trakten kring Lappo och Kauhava, flyter \u00e5n lugnare p\u00e5 en str\u00e4cka p\u00e5 mer \u00e4n 30 km och omr\u00e5det \u00e4r mycket \u00f6versv\u00e4mningsk\u00e4nsligt. \u00d6versv\u00e4mningsvallar har byggts p\u00e5 17 km av denna str\u00e4cka f\u00f6r att skydda de vidstr\u00e4ckta \u00e5krarna mot \u00f6versv\u00e4mning. I detta omr\u00e5de mynnar Kauhavanjoki ut i Lappo \u00e5.\u00a0I \u00e5ns nedre del finns m\u00e5nga forsar och lugnvattenstr\u00e4ckorna \u00e4r korta. I Nykarleby finns Stadsforsens vattenkraftverk. \u00c5n mynnar ut i havet utanf\u00f6r Nykarleby.<\/p>\n","protected":false},"excerpt":{"rendered":"<p>Lappo \u00e5s avrinningsomr\u00e5de Lappo \u00e5s avrinningsomr\u00e5de \u00e4r det tredje st\u00f6rsta i v\u00e4stra Finland. Lappo \u00e5s avrinningsomr\u00e5de har en total areal p\u00e5 4\u00a0122 km2 och en sj\u00f6procent p\u00e5 2,92 procent. Lappo \u00e5 \u00e4r en typisk \u00f6versv\u00e4mningsk\u00e4nslig \u00f6sterbottnisk \u00e4lv. K\u00e4nnetecknande f\u00f6r Lappo \u00e5s avrinningsomr\u00e5de \u00e4r en j\u00e4mn terr\u00e4ng, f\u00e5 sj\u00f6ar och finkornig jordm\u00e5n. De viktigaste f\u00f6rgreningarna \u00e4r [&hellip;]<\/p>\n","protected":false},"author":1,"featured_media":15872,"parent":0,"menu_order":8,"comment_status":"closed","ping_status":"closed","template":"teemasivu-saannostely-alasivu.php","meta":{"_acf_changed":false,"footnotes":""},"wf_page_folders":[843],"class_list":["post-15837","page","type-page","status-publish","has-post-thumbnail","hentry"],"acf":[],"aioseo_notices":[],"_links":{"self":[{"href":"https:\/\/www.vesi.fi\/sv\/wp-json\/wp\/v2\/pages\/15837","targetHints":{"allow":["GET"]}}],"collection":[{"href":"https:\/\/www.vesi.fi\/sv\/wp-json\/wp\/v2\/pages"}],"about":[{"href":"https:\/\/www.vesi.fi\/sv\/wp-json\/wp\/v2\/types\/page"}],"author":[{"embeddable":true,"href":"https:\/\/www.vesi.fi\/sv\/wp-json\/wp\/v2\/users\/1"}],"replies":[{"embeddable":true,"href":"https:\/\/www.vesi.fi\/sv\/wp-json\/wp\/v2\/comments?post=15837"}],"version-history":[{"count":6,"href":"https:\/\/www.vesi.fi\/sv\/wp-json\/wp\/v2\/pages\/15837\/revisions"}],"predecessor-version":[{"id":16521,"href":"https:\/\/www.vesi.fi\/sv\/wp-json\/wp\/v2\/pages\/15837\/revisions\/16521"}],"wp:featuredmedia":[{"embeddable":true,"href":"https:\/\/www.vesi.fi\/sv\/wp-json\/wp\/v2\/media\/15872"}],"wp:attachment":[{"href":"https:\/\/www.vesi.fi\/sv\/wp-json\/wp\/v2\/media?parent=15837"}],"wp:term":[{"taxonomy":"wf_page_folders","embeddable":true,"href":"https:\/\/www.vesi.fi\/sv\/wp-json\/wp\/v2\/wf_page_folders?post=15837"}],"curies":[{"name":"wp","href":"https:\/\/api.w.org\/{rel}","templated":true}]}}